{"id":171,"date":"2023-08-15T11:37:11","date_gmt":"2023-08-15T14:37:11","guid":{"rendered":"https:\/\/farmacia-homologacao.saude.pe.gov.br\/?page_id=171"},"modified":"2023-10-05T17:08:38","modified_gmt":"2023-10-05T20:08:38","slug":"governo","status":"publish","type":"page","link":"https:\/\/farmacia.saude.pe.gov.br\/?page_id=171","title":{"rendered":"Governo"},"content":{"rendered":"\t\t<div data-elementor-type=\"wp-page\" data-elementor-id=\"171\" class=\"elementor elementor-171\" data-elementor-post-type=\"page\">\n\t\t\t\t\t\t<section class=\"elementor-section elementor-top-section elementor-element elementor-element-312da52 elementor-section-height-min-height elementor-section-boxed elementor-section-height-default elementor-section-items-middle\" data-id=\"312da52\" data-element_type=\"section\" data-e-type=\"section\" data-settings=\"{&quot;background_background&quot;:&quot;classic&quot;,&quot;jet_parallax_layout_list&quot;:[]}\">\n\t\t\t\t\t\t<div class=\"elementor-container elementor-column-gap-default\">\n\t\t\t\t\t<div class=\"elementor-column elementor-col-100 elementor-top-column elementor-element elementor-element-4a4eab7\" data-id=\"4a4eab7\" data-element_type=\"column\" data-e-type=\"column\">\n\t\t\t<div class=\"elementor-widget-wrap elementor-element-populated\">\n\t\t\t\t\t\t<div class=\"elementor-element elementor-element-114430d elementor-search-form--skin-classic elementor-search-form--button-type-icon elementor-search-form--icon-search elementor-widget elementor-widget-search-form\" data-id=\"114430d\" data-element_type=\"widget\" data-e-type=\"widget\" data-settings=\"{&quot;skin&quot;:&quot;classic&quot;}\" data-widget_type=\"search-form.default\">\n\t\t\t\t<div class=\"elementor-widget-container\">\n\t\t\t\t\t\t\t<search role=\"search\">\n\t\t\t<form class=\"elementor-search-form\" action=\"https:\/\/farmacia.saude.pe.gov.br\" method=\"get\">\n\t\t\t\t\t\t\t\t\t\t\t\t<div class=\"elementor-search-form__container\">\n\t\t\t\t\t<label class=\"elementor-screen-only\" for=\"elementor-search-form-114430d\">Pesquisar<\/label>\n\n\t\t\t\t\t\n\t\t\t\t\t<input id=\"elementor-search-form-114430d\" placeholder=\"O que voc\u00ea procura?\" class=\"elementor-search-form__input\" type=\"search\" name=\"s\" value=\"\">\n\t\t\t\t\t\n\t\t\t\t\t\t\t\t\t\t\t<button class=\"elementor-search-form__submit\" type=\"submit\" aria-label=\"Pesquisar\">\n\t\t\t\t\t\t\t\t\t\t\t\t\t\t\t<i aria-hidden=\"true\" class=\"fas fa-search\"><\/i>\t\t\t\t\t\t\t\t\t\t\t\t\t<\/button>\n\t\t\t\t\t\n\t\t\t\t\t\t\t\t\t<\/div>\n\t\t\t<\/form>\n\t\t<\/search>\n\t\t\t\t\t\t<\/div>\n\t\t\t\t<\/div>\n\t\t\t\t\t<\/div>\n\t\t<\/div>\n\t\t\t\t\t<\/div>\n\t\t<\/section>\n\t\t\t\t<section class=\"elementor-section elementor-top-section elementor-element elementor-element-3f79a9bf elementor-section-boxed elementor-section-height-default elementor-section-height-default\" data-id=\"3f79a9bf\" data-element_type=\"section\" data-e-type=\"section\" data-settings=\"{&quot;jet_parallax_layout_list&quot;:[]}\">\n\t\t\t\t\t\t<div class=\"elementor-container elementor-column-gap-default\">\n\t\t\t\t\t<div class=\"elementor-column elementor-col-100 elementor-top-column elementor-element elementor-element-c15099c\" data-id=\"c15099c\" data-element_type=\"column\" data-e-type=\"column\">\n\t\t\t<div class=\"elementor-widget-wrap elementor-element-populated\">\n\t\t\t\t\t\t<div class=\"elementor-element elementor-element-24b33fc5 elementor-align-left elementor-widget elementor-widget-breadcrumbs\" data-id=\"24b33fc5\" data-element_type=\"widget\" data-e-type=\"widget\" data-widget_type=\"breadcrumbs.default\">\n\t\t\t\t<div class=\"elementor-widget-container\">\n\t\t\t\t\t<p id=\"breadcrumbs\"><span><span><a href=\"https:\/\/farmacia.saude.pe.gov.br\/\">Home<\/a><\/span><\/span><\/p>\t\t\t\t<\/div>\n\t\t\t\t<\/div>\n\t\t\t\t<div class=\"elementor-element elementor-element-1f158972 elementor-widget-divider--view-line elementor-widget elementor-widget-divider\" data-id=\"1f158972\" data-element_type=\"widget\" data-e-type=\"widget\" data-widget_type=\"divider.default\">\n\t\t\t\t<div class=\"elementor-widget-container\">\n\t\t\t\t\t\t\t<div class=\"elementor-divider\">\n\t\t\t<span class=\"elementor-divider-separator\">\n\t\t\t\t\t\t<\/span>\n\t\t<\/div>\n\t\t\t\t\t\t<\/div>\n\t\t\t\t<\/div>\n\t\t\t\t\t<\/div>\n\t\t<\/div>\n\t\t\t\t\t<\/div>\n\t\t<\/section>\n\t\t\t\t<section class=\"elementor-section elementor-top-section elementor-element elementor-element-e88dfc6 elementor-section-boxed elementor-section-height-default elementor-section-height-default\" data-id=\"e88dfc6\" data-element_type=\"section\" data-e-type=\"section\" data-settings=\"{&quot;jet_parallax_layout_list&quot;:[]}\">\n\t\t\t\t\t\t<div class=\"elementor-container elementor-column-gap-default\">\n\t\t\t\t\t<div class=\"elementor-column elementor-col-100 elementor-top-column elementor-element elementor-element-ad9a87e\" data-id=\"ad9a87e\" data-element_type=\"column\" data-e-type=\"column\">\n\t\t\t<div class=\"elementor-widget-wrap elementor-element-populated\">\n\t\t\t\t\t\t<div class=\"elementor-element elementor-element-ea6fb1a elementor-widget elementor-widget-heading\" data-id=\"ea6fb1a\" data-element_type=\"widget\" data-e-type=\"widget\" data-widget_type=\"heading.default\">\n\t\t\t\t<div class=\"elementor-widget-container\">\n\t\t\t\t\t<h2 class=\"elementor-heading-title elementor-size-default\">Primeira mulher eleita governadora de Pernambuco, Raquel Lyra \u00e9 advogada e pol\u00edtica pernambucana - com forte atua\u00e7\u00e3o no interior do Estado. <\/h2>\t\t\t\t<\/div>\n\t\t\t\t<\/div>\n\t\t\t\t<div class=\"elementor-element elementor-element-9b793fa elementor-widget elementor-widget-image\" data-id=\"9b793fa\" data-element_type=\"widget\" data-e-type=\"widget\" data-widget_type=\"image.default\">\n\t\t\t\t<div class=\"elementor-widget-container\">\n\t\t\t\t\t\t\t\t\t\t\t\t\t\t\t<img decoding=\"async\" src=\"http:\/\/www.pe.gov.brwp-content\/uploads\/2023\/08\/Raquel_lyra_governadora-1.jpeg\" title=\"\" alt=\"\" loading=\"lazy\" \/>\t\t\t\t\t\t\t\t\t\t\t\t\t\t\t<\/div>\n\t\t\t\t<\/div>\n\t\t\t\t<div class=\"elementor-element elementor-element-5251e0f elementor-widget elementor-widget-text-editor\" data-id=\"5251e0f\" data-element_type=\"widget\" data-e-type=\"widget\" data-widget_type=\"text-editor.default\">\n\t\t\t\t<div class=\"elementor-widget-container\">\n\t\t\t\t\t\t\t\t\t<p>Primeira mulher eleita governadora de Pernambuco, Raquel Lyra \u00e9 advogada e pol\u00edtica pernambucana &#8211; com forte atua\u00e7\u00e3o no interior do Estado. Ela \u00e9 formada em Direito pela Universidade Federal de Pernambuco, \u00e9 vi\u00fava e tem dois filhos: Jo\u00e3o e Fernando (Nando). Foi eleita em outubro de 2022 e tem Priscila Krause como sua vice-governadora.<\/p><p>Raquel tamb\u00e9m foi a primeira mulher eleita prefeita de Caruaru e, logo ap\u00f3s, reeleita. Foi deputada estadual por dois mandatos, bem como secret\u00e1ria de Inf\u00e2ncia e Juventude.<\/p><p>Servidora p\u00fablica por voca\u00e7\u00e3o, ainda muito jovem foi aprovada em concurso p\u00fablico para delegada da Pol\u00edcia Federal. Foi concursada tamb\u00e9m do Banco do Nordeste &#8211; ainda durante a faculdade &#8211; e da Procuradoria do Estado de Pernambuco. De 2007 a 2010, no primeiro governo de Eduardo Campos, foi chefe da Procuradoria de Apoio Jur\u00eddico e Legislativo do governador.<\/p><p>Na Assembleia Legislativa de Pernambuco, foi presidente da Comiss\u00e3o de Justi\u00e7a, onde utilizou os conhecimentos como advogada e procuradora para liderar esta que \u00e9 a comiss\u00e3o mais importante da Casa.<\/p><p>Raquel deixou a Prefeitura de Caruaru em abril de 2022, com mais de 70% de aprova\u00e7\u00e3o popular, resultado de diversas a\u00e7\u00f5es que realizou no munic\u00edpio, a exemplo do Juntos pela Seguran\u00e7a, programa de seguran\u00e7a p\u00fablica que reduziu os \u00edndices de homic\u00eddios em mais de 50%, e tamb\u00e9m a amplia\u00e7\u00e3o de 5 mil para mais de 10 mil vagas de creches e ensino infantil.<\/p>\t\t\t\t\t\t\t\t<\/div>\n\t\t\t\t<\/div>\n\t\t\t\t<section class=\"elementor-section elementor-inner-section elementor-element elementor-element-66617c0 elementor-section-boxed elementor-section-height-default elementor-section-height-default\" data-id=\"66617c0\" data-element_type=\"section\" data-e-type=\"section\" data-settings=\"{&quot;jet_parallax_layout_list&quot;:[]}\">\n\t\t\t\t\t\t<div class=\"elementor-container elementor-column-gap-default\">\n\t\t\t\t\t<div class=\"elementor-column elementor-col-50 elementor-inner-column elementor-element elementor-element-c3805fc\" data-id=\"c3805fc\" data-element_type=\"column\" data-e-type=\"column\">\n\t\t\t<div class=\"elementor-widget-wrap elementor-element-populated\">\n\t\t\t\t\t\t<div class=\"elementor-element elementor-element-e391f93 elementor-widget elementor-widget-image\" data-id=\"e391f93\" data-element_type=\"widget\" data-e-type=\"widget\" data-widget_type=\"image.default\">\n\t\t\t\t<div class=\"elementor-widget-container\">\n\t\t\t\t\t\t\t\t\t\t\t\t\t\t\t<img fetchpriority=\"high\" decoding=\"async\" width=\"683\" height=\"1024\" src=\"https:\/\/farmacia.saude.pe.gov.br\/wp-content\/uploads\/2023\/08\/Raquel-lyra-governadora-foto1.jpeg\" class=\"attachment-2048x2048 size-2048x2048 wp-image-177\" alt=\"\" srcset=\"https:\/\/farmacia.saude.pe.gov.br\/wp-content\/uploads\/2023\/08\/Raquel-lyra-governadora-foto1.jpeg 683w, https:\/\/farmacia.saude.pe.gov.br\/wp-content\/uploads\/2023\/08\/Raquel-lyra-governadora-foto1-200x300.jpeg 200w\" sizes=\"(max-width: 683px) 100vw, 683px\" \/>\t\t\t\t\t\t\t\t\t\t\t\t\t\t\t<\/div>\n\t\t\t\t<\/div>\n\t\t\t\t\t<\/div>\n\t\t<\/div>\n\t\t\t\t<div class=\"elementor-column elementor-col-50 elementor-inner-column elementor-element elementor-element-06d9714\" data-id=\"06d9714\" data-element_type=\"column\" data-e-type=\"column\">\n\t\t\t<div class=\"elementor-widget-wrap elementor-element-populated\">\n\t\t\t\t\t\t<div class=\"elementor-element elementor-element-3df3cb4 elementor-widget elementor-widget-heading\" data-id=\"3df3cb4\" data-element_type=\"widget\" data-e-type=\"widget\" data-widget_type=\"heading.default\">\n\t\t\t\t<div class=\"elementor-widget-container\">\n\t\t\t\t\t<h4 class=\"elementor-heading-title elementor-size-default\">Informa\u00e7\u00f5es gerais<\/h4>\t\t\t\t<\/div>\n\t\t\t\t<\/div>\n\t\t\t\t<div class=\"elementor-element elementor-element-e7e8f81 elementor-widget elementor-widget-text-editor\" data-id=\"e7e8f81\" data-element_type=\"widget\" data-e-type=\"widget\" data-widget_type=\"text-editor.default\">\n\t\t\t\t<div class=\"elementor-widget-container\">\n\t\t\t\t\t\t\t\t\t<p><strong>Nome completo:<\/strong> Raquel Teixeira Lyra Lucena<br \/><strong>Nascimento:<\/strong> 02 dezembro de 1978.<br \/><strong>Filhos:<\/strong> Jo\u00e3o Lyra (12 anos) e Fernando Lyra (10 anos)<\/p>\t\t\t\t\t\t\t\t<\/div>\n\t\t\t\t<\/div>\n\t\t\t\t\t<\/div>\n\t\t<\/div>\n\t\t\t\t\t<\/div>\n\t\t<\/section>\n\t\t\t\t\t<\/div>\n\t\t<\/div>\n\t\t\t\t\t<\/div>\n\t\t<\/section>\n\t\t<div class=\"elementor-element elementor-element-843c5d1 e-flex e-con-boxed e-con e-parent\" data-id=\"843c5d1\" data-element_type=\"container\" data-e-type=\"container\" data-settings=\"{&quot;jet_parallax_layout_list&quot;:[]}\">\n\t\t\t\t\t<div class=\"e-con-inner\">\n\t\t\t\t<div class=\"elementor-element elementor-element-61b060b elementor-widget-divider--view-line elementor-widget elementor-widget-divider\" data-id=\"61b060b\" data-element_type=\"widget\" data-e-type=\"widget\" data-widget_type=\"divider.default\">\n\t\t\t\t<div class=\"elementor-widget-container\">\n\t\t\t\t\t\t\t<div class=\"elementor-divider\">\n\t\t\t<span class=\"elementor-divider-separator\">\n\t\t\t\t\t\t<\/span>\n\t\t<\/div>\n\t\t\t\t\t\t<\/div>\n\t\t\t\t<\/div>\n\t\t\t\t\t<\/div>\n\t\t\t\t<\/div>\n\t\t\t\t<section class=\"elementor-section elementor-top-section elementor-element elementor-element-17449a3 elementor-section-boxed elementor-section-height-default elementor-section-height-default\" data-id=\"17449a3\" data-element_type=\"section\" data-e-type=\"section\" data-settings=\"{&quot;jet_parallax_layout_list&quot;:[]}\">\n\t\t\t\t\t\t<div class=\"elementor-container elementor-column-gap-default\">\n\t\t\t\t\t<div class=\"elementor-column elementor-col-100 elementor-top-column elementor-element elementor-element-7baa04c\" data-id=\"7baa04c\" data-element_type=\"column\" data-e-type=\"column\">\n\t\t\t<div class=\"elementor-widget-wrap elementor-element-populated\">\n\t\t\t\t\t\t<div class=\"elementor-element elementor-element-218d6e9 elementor-widget elementor-widget-heading\" data-id=\"218d6e9\" data-element_type=\"widget\" data-e-type=\"widget\" data-widget_type=\"heading.default\">\n\t\t\t\t<div class=\"elementor-widget-container\">\n\t\t\t\t\t<h3 class=\"elementor-heading-title elementor-size-default\">Outros links<\/h3>\t\t\t\t<\/div>\n\t\t\t\t<\/div>\n\t\t\t\t<div class=\"elementor-element elementor-element-490c8f3 elementor-widget elementor-widget-ucaddon_card_carousel\" data-id=\"490c8f3\" data-element_type=\"widget\" data-e-type=\"widget\" data-widget_type=\"ucaddon_card_carousel.default\">\n\t\t\t\t<div class=\"elementor-widget-container\">\n\t\t\t\t\t\n<!-- start Card Carousel -->\n\t\t<link id='font-awesome-css' href='https:\/\/farmacia.saude.pe.gov.br\/wp-content\/plugins\/unlimited-elements-for-elementor\/assets_libraries\/font-awesome6\/fontawesome-all.min.css' type='text\/css' rel='stylesheet' >\n\t\t<link id='font-awesome-4-shim-css' href='https:\/\/farmacia.saude.pe.gov.br\/wp-content\/plugins\/unlimited-elements-for-elementor\/assets_libraries\/font-awesome6\/fontawesome-v4-shims.min.css' type='text\/css' rel='stylesheet' >\n\t\t<link id='owl-carousel-css' href='https:\/\/farmacia.saude.pe.gov.br\/wp-content\/plugins\/unlimited-elements-for-elementor\/assets_libraries\/owl-carousel-new\/assets\/owl.carousel.css' type='text\/css' rel='stylesheet' >\n\n<style>\/* widget: Card Carousel *\/\n\n#uc_card_carousel_elementor_490c8f3-wrapper\n{\n  min-height:1px;\n}\n#uc_card_carousel_elementor_490c8f3 *{\n\t-webkit-box-sizing: border-box;\n\t-moz-box-sizing: border-box;\n\tbox-sizing: border-box;\n}\n\n#uc_card_carousel_elementor_490c8f3 .ue-carousel-item\n{\n  overflow:hidden;\n  transition:0.3s;\n}\n\n#uc_card_carousel_elementor_490c8f3 .uc_classic_carousel_container_holder\n{\n\tdisplay:block;\n\tposition:relative;\n\twidth:100%;\n    box-sizing: border-box;\n}\n#uc_card_carousel_elementor_490c8f3 .uc_classic_carousel_placeholder{\n   position:relative;\n}\n\n#uc_card_carousel_elementor_490c8f3 .uc_classic_carousel_placeholder img, #uc_card_carousel_elementor_490c8f3 .ue_card_carousel_image_overlay\n{\n  transition: all 300ms;\n}\n\n.card_carousel_title\n{\n\tfont-size:21px;\n}\n\n.uc_classic_carousel .uc_classic_carousel_border\n{\n\tdisplay:block;\n    margin:0 auto;\n}\n\n.uc_classic_carousel  .uc_classic_carousel_placeholder img\n{\n\twidth:100%;\n    \n    display:inline-flex;\n}\n.uc_classic_carousel .uc_classic_carousel_content\n{\n  display: flex;\n flex-flow: column nowrap;\n}\n\n.uc_classic_carousel .ue_button\n{\n  margin-top:auto;\n\n}\n\n.uc_classic_carousel .uc_classic_carousel_content .uc_more_btn {\n\tdisplay:inline-block;\n\ttext-decoration:none;\n\ttransition: all 0.5s ease;\n}\n\n\n#uc_card_carousel_elementor_490c8f3 .owl-dots {\noverflow:hidden;\ntext-align:center;\n}\n\n#uc_card_carousel_elementor_490c8f3 .owl-dot {\nborder-radius:50%;\ndisplay:inline-block;\n}\n\n#uc_card_carousel_elementor_490c8f3 .owl-nav .owl-prev{\n    position:absolute;\n    display:inline-block;\n    text-align:center;\n}\n#uc_card_carousel_elementor_490c8f3 .owl-nav .owl-next{\n  position:absolute;\n  display:inline-block;\n  text-align:center;\n}\n\n#uc_card_carousel_elementor_490c8f3 .owl-nav .disabled\n{\n    display: none;  \n}\n\n\n#uc_card_carousel_elementor_490c8f3 .ue-item-icon\n{\n  line-height:1em;\n  display:inline-flex;\n  justify-content:center;\n  align-items:center;\n  \n}\n\n#uc_card_carousel_elementor_490c8f3 .ue-item-icon svg\n{\n  height:1em;\n  width:1em;\n}\n\n#uc_card_carousel_elementor_490c8f3 .ue-item-icon-wrapper\n{\n  display:flex;\n}\n\n#uc_card_carousel_elementor_490c8f3 .uc_classic_carousel_container_holder {\n\t max-width: ;\n}\n\n\n\n@media screen and (max-width: 1024px) {\n  #uc_card_carousel_elementor_490c8f3 .uc_classic_carousel_container_holder {\n\t max-width: ;\n  }\n}\n\n@media screen and (max-width: 767px) {\n  #uc_card_carousel_elementor_490c8f3 .uc_classic_carousel_container_holder {\n    max-width: ;\n  }\n}\n\n<\/style>\n\n<div class=\"uc_classic_carousel\" id=\"uc_card_carousel_elementor_490c8f3-wrapper\">\n        <div class=\"uc_carousel owl-carousel uc-items-wrapper  \" id=\"uc_card_carousel_elementor_490c8f3\"  >\n          \t<div class=\"uc_classic_carousel_container_holder ue-item elementor-repeater-item-e9b5fbd\">\n  <div class=\"ue-carousel-item\">\n      <div class=\"uc_classic_carousel_content\" style=\"direction:ltr;\">\n    \n    \n          <div class=\"ue-item-icon-wrapper\">\n         <div class=\"ue-item-icon\"><img src='http:\/\/www.pe.gov.br\/wp-content\/uploads\/2023\/08\/icon5.svg' class='uc-svg-image'><\/div>\n      <\/div>\n        \n          \t\n      <div  class=\"card_carousel_title\">Di\u00e1rio oficial<\/div>\n          \t\n    \n      \n    <p class=\"card_carousel_text\">Confira as edi\u00e7\u00f5es mais recentes dos Di\u00e1rios Oficiais de Pernambuco<\/p>    \n    \n    \t\n    \n    \n        \t \n              <div class=\"ue_button\"><a class=\"uc_more_btn \" href=\"https:\/\/diariooficial.cepe.com.br\/diariooficialweb\/#\/home?diario=MQ%3D%3D\" title=\"Acessar\"  target='_blank'>Acessar<\/a><\/div>\n        \t    \n    \t\n  <\/div>\n  <\/div>\n<\/div>\n<div class=\"uc_classic_carousel_container_holder ue-item elementor-repeater-item-981c353\">\n  <div class=\"ue-carousel-item\">\n      <div class=\"uc_classic_carousel_content\" style=\"direction:ltr;\">\n    \n    \n          <div class=\"ue-item-icon-wrapper\">\n         <div class=\"ue-item-icon\"><img src='http:\/\/www.pe.gov.br\/wp-content\/uploads\/2023\/08\/icon3.svg' class='uc-svg-image'><\/div>\n      <\/div>\n        \n          \t\n      <div  class=\"card_carousel_title\">Portal da transpar\u00eancia<\/div>\n          \t\n    \n      \n    <p class=\"card_carousel_text\">Acompanhe onde o dinheiro do estado de Pernambuco est\u00e1 sendo aplicado<\/p>    \n    \n    \t\n    \n    \n        \t \n              <div class=\"ue_button\"><a class=\"uc_more_btn \" href=\"http:\/\/web.transparencia.pe.gov.br\" title=\"Acessar\"  target='_blank'>Acessar<\/a><\/div>\n        \t    \n    \t\n  <\/div>\n  <\/div>\n<\/div>\n<div class=\"uc_classic_carousel_container_holder ue-item elementor-repeater-item-415b386\">\n  <div class=\"ue-carousel-item\">\n      <div class=\"uc_classic_carousel_content\" style=\"direction:ltr;\">\n    \n    \n          <div class=\"ue-item-icon-wrapper\">\n         <div class=\"ue-item-icon\"><img src='http:\/\/www.pe.gov.br\/wp-content\/uploads\/2023\/08\/icon2.svg' class='uc-svg-image'><\/div>\n      <\/div>\n        \n          \t\n      <div  class=\"card_carousel_title\">Ouvidoria<\/div>\n          \t\n    \n      \n    <p class=\"card_carousel_text\">Sugira, elogie, reclame ou denuncie os servi\u00e7os ou condutas do estado<\/p>    \n    \n    \t\n    \n    \n        \t \n              <div class=\"ue_button\"><a class=\"uc_more_btn \" href=\"http:\/\/www.ouvidoria.pe.gov.br\" title=\"Acessar\"  target='_blank'>Acessar<\/a><\/div>\n        \t    \n    \t\n  <\/div>\n  <\/div>\n<\/div>\n<div class=\"uc_classic_carousel_container_holder ue-item elementor-repeater-item-217711f\">\n  <div class=\"ue-carousel-item\">\n      <div class=\"uc_classic_carousel_content\" style=\"direction:ltr;\">\n    \n    \n          <div class=\"ue-item-icon-wrapper\">\n         <div class=\"ue-item-icon\"><img src='http:\/\/www.pe.gov.br\/wp-content\/uploads\/2023\/08\/icon1.svg' class='uc-svg-image'><\/div>\n      <\/div>\n        \n          \t\n      <div  class=\"card_carousel_title\">Painel de licita\u00e7\u00f5es<\/div>\n          \t\n    \n      \n    <p class=\"card_carousel_text\">Acompanhe os processos de compras e contrata\u00e7\u00f5es de Pernambuco<\/p>    \n    \n    \t\n    \n    \n        \t \n              <div class=\"ue_button\"><a class=\"uc_more_btn \" href=\"http:\/\/www.licitacoes.pe.gov.br\/web\/ListaLicitacao.aspx\" title=\"Acessar\"  target='_blank'>Acessar<\/a><\/div>\n        \t    \n    \t\n  <\/div>\n  <\/div>\n<\/div>\n<div class=\"uc_classic_carousel_container_holder ue-item elementor-repeater-item-756a297\">\n  <div class=\"ue-carousel-item\">\n      <div class=\"uc_classic_carousel_content\" style=\"direction:ltr;\">\n    \n    \n          <div class=\"ue-item-icon-wrapper\">\n         <div class=\"ue-item-icon\"><img src='http:\/\/www.pe.gov.br\/wp-content\/uploads\/2023\/08\/icon4.svg' class='uc-svg-image'><\/div>\n      <\/div>\n        \n          \t\n      <div  class=\"card_carousel_title\">LAI<\/div>\n          \t\n    \n      \n    <p class=\"card_carousel_text\">Solicite informa\u00e7\u00f5es p\u00fablicas aos \u00f3rg\u00e3os e entidades governamentais do estado<\/p>    \n    \n    \t\n    \n    \n        \t \n              <div class=\"ue_button\"><a class=\"uc_more_btn \" href=\"https:\/\/www.lai.pe.gov.br\/\" title=\"Acessar\"  target='_blank'>Acessar<\/a><\/div>\n        \t    \n    \t\n  <\/div>\n  <\/div>\n<\/div>\n\n      <\/div>\n<\/div>\n<!-- end Card Carousel -->\t\t\t\t<\/div>\n\t\t\t\t<\/div>\n\t\t\t\t\t<\/div>\n\t\t<\/div>\n\t\t\t\t\t<\/div>\n\t\t<\/section>\n\t\t\t\t<section class=\"elementor-section elementor-top-section elementor-element elementor-element-88e2dfd elementor-section-boxed elementor-section-height-default elementor-section-height-default\" data-id=\"88e2dfd\" data-element_type=\"section\" data-e-type=\"section\" data-settings=\"{&quot;jet_parallax_layout_list&quot;:[]}\">\n\t\t\t\t\t\t<div class=\"elementor-container elementor-column-gap-default\">\n\t\t\t\t\t<div class=\"elementor-column elementor-col-100 elementor-top-column elementor-element elementor-element-95b5d4c\" data-id=\"95b5d4c\" data-element_type=\"column\" data-e-type=\"column\">\n\t\t\t<div class=\"elementor-widget-wrap elementor-element-populated\">\n\t\t\t\t\t\t<div class=\"elementor-element elementor-element-b189135 elementor-widget elementor-widget-heading\" data-id=\"b189135\" data-element_type=\"widget\" data-e-type=\"widget\" data-widget_type=\"heading.default\">\n\t\t\t\t<div class=\"elementor-widget-container\">\n\t\t\t\t\t<h3 class=\"elementor-heading-title elementor-size-default\">V\u00eddeos<\/h3>\t\t\t\t<\/div>\n\t\t\t\t<\/div>\n\t\t\t\t<section class=\"elementor-section elementor-inner-section elementor-element elementor-element-5d13eaf elementor-section-boxed elementor-section-height-default elementor-section-height-default\" data-id=\"5d13eaf\" data-element_type=\"section\" data-e-type=\"section\" data-settings=\"{&quot;jet_parallax_layout_list&quot;:[]}\">\n\t\t\t\t\t\t<div class=\"elementor-container elementor-column-gap-default\">\n\t\t\t\t\t<div class=\"elementor-column elementor-col-50 elementor-inner-column elementor-element elementor-element-4cb9e74\" data-id=\"4cb9e74\" data-element_type=\"column\" data-e-type=\"column\">\n\t\t\t<div class=\"elementor-widget-wrap elementor-element-populated\">\n\t\t\t\t\t\t<div class=\"elementor-element elementor-element-a894b37 elementor-grid-2 elementor-grid-tablet-2 elementor-grid-mobile-1 elementor-widget elementor-widget-loop-grid\" data-id=\"a894b37\" data-element_type=\"widget\" data-e-type=\"widget\" data-settings=\"{&quot;template_id&quot;:&quot;831&quot;,&quot;columns&quot;:2,&quot;alternate_template&quot;:&quot;yes&quot;,&quot;_skin&quot;:&quot;post&quot;,&quot;columns_tablet&quot;:&quot;2&quot;,&quot;columns_mobile&quot;:&quot;1&quot;,&quot;edit_handle_selector&quot;:&quot;[data-elementor-type=\\&quot;loop-item\\&quot;]&quot;,&quot;row_gap&quot;:{&quot;unit&quot;:&quot;px&quot;,&quot;size&quot;:&quot;&quot;,&quot;sizes&quot;:[]},&quot;row_gap_tablet&quot;:{&quot;unit&quot;:&quot;px&quot;,&quot;size&quot;:&quot;&quot;,&quot;sizes&quot;:[]},&quot;row_gap_mobile&quot;:{&quot;unit&quot;:&quot;px&quot;,&quot;size&quot;:&quot;&quot;,&quot;sizes&quot;:[]}}\" data-widget_type=\"loop-grid.post\">\n\t\t\t\t<div class=\"elementor-widget-container\">\n\t\t\t\t\t\t\t<div class=\"elementor-loop-container elementor-grid\" role=\"list\">\n\t\t<style id=\"loop-dynamic-834\">.e-loop-item-5882 .elementor-element.elementor-element-2486a0ea:not(.elementor-motion-effects-element-type-background), .e-loop-item-5882 .elementor-element.elementor-element-2486a0ea > .elementor-motion-effects-container > .elementor-motion-effects-layer{background-image:url(\"https:\/\/farmacia.saude.pe.gov.br\/wp-content\/uploads\/2025\/09\/Validacao-Assinatura-Digital.png\");}<\/style><style id=\"loop-834\">.elementor-834 .elementor-element.elementor-element-2486a0ea{--display:flex;--min-height:240px;--flex-direction:column;--container-widget-width:100%;--container-widget-height:initial;--container-widget-flex-grow:0;--container-widget-align-self:initial;--flex-wrap-mobile:wrap;--justify-content:flex-end;--overlay-opacity:0.5;--border-radius:10px 10px 10px 10px;--padding-top:20px;--padding-bottom:20px;--padding-left:20px;--padding-right:20px;}.elementor-834 .elementor-element.elementor-element-2486a0ea:not(.elementor-motion-effects-element-type-background), .elementor-834 .elementor-element.elementor-element-2486a0ea > .elementor-motion-effects-container > .elementor-motion-effects-layer{background-position:center center;background-repeat:no-repeat;background-size:cover;}.elementor-834 .elementor-element.elementor-element-2486a0ea::before, .elementor-834 .elementor-element.elementor-element-2486a0ea > .elementor-background-video-container::before, .elementor-834 .elementor-element.elementor-element-2486a0ea > .e-con-inner > .elementor-background-video-container::before, .elementor-834 .elementor-element.elementor-element-2486a0ea > .elementor-background-slideshow::before, .elementor-834 .elementor-element.elementor-element-2486a0ea > .e-con-inner > .elementor-background-slideshow::before, .elementor-834 .elementor-element.elementor-element-2486a0ea > .elementor-motion-effects-container > .elementor-motion-effects-layer::before{--background-overlay:'';background-color:var( --e-global-color-secondary );}.elementor-834 .elementor-element.elementor-element-7bbd47ec .elementor-heading-title{font-size:20px;color:#FFFFFF;}.elementor-834 .elementor-element.elementor-element-66ea412d .elementor-icon-list-icon i{transition:color 0.3s;}.elementor-834 .elementor-element.elementor-element-66ea412d .elementor-icon-list-icon svg{transition:fill 0.3s;}.elementor-834 .elementor-element.elementor-element-66ea412d{--e-icon-list-icon-size:10px;--icon-vertical-offset:0px;}.elementor-834 .elementor-element.elementor-element-66ea412d .elementor-icon-list-item > .elementor-icon-list-text, .elementor-834 .elementor-element.elementor-element-66ea412d .elementor-icon-list-item > a{font-size:16px;}.elementor-834 .elementor-element.elementor-element-66ea412d .elementor-icon-list-text{transition:color 0.3s;}.elementor-834 .elementor-element.elementor-element-66ea412d > .elementor-widget-container{padding:5px 10px 5px 10px;background-color:#FFFFFF;border-radius:8px 8px 8px 8px;}\/* Start custom CSS for icon-list, class: .elementor-element-66ea412d *\/.elementor-834 .elementor-element.elementor-element-66ea412d {\n    display: flex;\n}\/* End custom CSS *\/<\/style>\t\t<div data-elementor-type=\"loop-item\" data-elementor-id=\"834\" class=\"elementor elementor-834 elementor-repeater-item-5bd8055 e-loop-item e-loop-item-5882 post-5882 video type-video status-publish has-post-thumbnail hentry\" data-elementor-post-type=\"elementor_library\" data-custom-edit-handle=\"1\">\n\t\t\t<div class=\"elementor-element elementor-element-2486a0ea e-flex e-con-boxed e-con e-parent\" data-id=\"2486a0ea\" data-element_type=\"container\" data-e-type=\"container\" data-settings=\"{&quot;background_background&quot;:&quot;classic&quot;,&quot;jet_parallax_layout_list&quot;:[]}\">\n\t\t\t\t\t<div class=\"e-con-inner\">\n\t\t\t\t<div class=\"elementor-element elementor-element-7bbd47ec elementor-widget elementor-widget-heading\" data-id=\"7bbd47ec\" data-element_type=\"widget\" data-e-type=\"widget\" data-widget_type=\"heading.default\">\n\t\t\t\t<div class=\"elementor-widget-container\">\n\t\t\t\t\t<h2 class=\"elementor-heading-title elementor-size-default\"><a href=\"https:\/\/youtu.be\/Pqo_bvpwKNg?si=7qOcdaFVsZ9coQQY\" target=\"_blank\">Validar Assinatura Digital<\/a><\/h2>\t\t\t\t<\/div>\n\t\t\t\t<\/div>\n\t\t\t\t<div class=\"elementor-element elementor-element-66ea412d elementor-icon-list--layout-traditional elementor-list-item-link-full_width elementor-widget elementor-widget-icon-list\" data-id=\"66ea412d\" data-element_type=\"widget\" data-e-type=\"widget\" data-widget_type=\"icon-list.default\">\n\t\t\t\t<div class=\"elementor-widget-container\">\n\t\t\t\t\t\t\t<ul class=\"elementor-icon-list-items\">\n\t\t\t\t\t\t\t<li class=\"elementor-icon-list-item\">\n\t\t\t\t\t\t\t\t\t\t\t<span class=\"elementor-icon-list-icon\">\n\t\t\t\t\t\t\t<i aria-hidden=\"true\" class=\"fas fa-play\"><\/i>\t\t\t\t\t\t<\/span>\n\t\t\t\t\t\t\t\t\t\t<span class=\"elementor-icon-list-text\">1:25 min<\/span>\n\t\t\t\t\t\t\t\t\t<\/li>\n\t\t\t\t\t\t<\/ul>\n\t\t\t\t\t\t<\/div>\n\t\t\t\t<\/div>\n\t\t\t\t\t<\/div>\n\t\t\t\t<\/div>\n\t\t\t\t<\/div>\n\t\t\t\t<\/div>\n\t\t\n\t\t\t\t\t\t<\/div>\n\t\t\t\t<\/div>\n\t\t\t\t\t<\/div>\n\t\t<\/div>\n\t\t\t\t<div class=\"elementor-column elementor-col-50 elementor-inner-column elementor-element elementor-element-5e09ad7\" data-id=\"5e09ad7\" data-element_type=\"column\" data-e-type=\"column\">\n\t\t\t<div class=\"elementor-widget-wrap\">\n\t\t\t\t\t\t\t<\/div>\n\t\t<\/div>\n\t\t\t\t\t<\/div>\n\t\t<\/section>\n\t\t\t\t\t<\/div>\n\t\t<\/div>\n\t\t\t\t\t<\/div>\n\t\t<\/section>\n\t\t\t\t<\/div>\n\t\t","protected":false},"excerpt":{"rendered":"<p>Primeira mulher eleita governadora de Pernambuco, Raquel Lyra \u00e9 advogada e pol\u00edtica pernambucana &#8211; com forte atua\u00e7\u00e3o no interior do Estado. Primeira mulher eleita governadora de Pernambuco, Raquel Lyra \u00e9 advogada e pol\u00edtica pernambucana &#8211; com forte atua\u00e7\u00e3o no interior do Estado. Ela \u00e9 formada em Direito pela Universidade Federal de Pernambuco, \u00e9 vi\u00fava e [&hellip;]<\/p>\n","protected":false},"author":5,"featured_media":0,"parent":0,"menu_order":0,"comment_status":"closed","ping_status":"closed","template":"","meta":{"footnotes":""},"class_list":["post-171","page","type-page","status-publish","hentry"],"yoast_head":"<!-- This site is optimized with the Yoast SEO plugin v27.5 - https:\/\/yoast.com\/product\/yoast-seo-wordpress\/ -->\n<title>Governo - Farm\u00e1cia de Pernambuco<\/title>\n<meta name=\"robots\" content=\"index, follow, max-snippet:-1, max-image-preview:large, max-video-preview:-1\" \/>\n<link rel=\"canonical\" href=\"https:\/\/farmacia.saude.pe.gov.br\/?page_id=171\" \/>\n<meta property=\"og:locale\" content=\"pt_BR\" \/>\n<meta property=\"og:type\" content=\"article\" \/>\n<meta property=\"og:title\" content=\"Governo - Farm\u00e1cia de Pernambuco\" \/>\n<meta property=\"og:description\" content=\"Primeira mulher eleita governadora de Pernambuco, Raquel Lyra \u00e9 advogada e pol\u00edtica pernambucana &#8211; com forte atua\u00e7\u00e3o no interior do Estado. Primeira mulher eleita governadora de Pernambuco, Raquel Lyra \u00e9 advogada e pol\u00edtica pernambucana &#8211; com forte atua\u00e7\u00e3o no interior do Estado. Ela \u00e9 formada em Direito pela Universidade Federal de Pernambuco, \u00e9 vi\u00fava e [&hellip;]\" \/>\n<meta property=\"og:url\" content=\"https:\/\/farmacia.saude.pe.gov.br\/?page_id=171\" \/>\n<meta property=\"og:site_name\" content=\"Farm\u00e1cia de Pernambuco\" \/>\n<meta property=\"article:modified_time\" content=\"2023-10-05T20:08:38+00:00\" \/>\n<meta property=\"og:image\" content=\"http:\/\/www.pe.gov.br\/wp-content\/uploads\/2023\/08\/Raquel_lyra_governadora-1.jpeg\" \/>\n<meta name=\"twitter:card\" content=\"summary_large_image\" \/>\n<meta name=\"twitter:label1\" content=\"Est. tempo de leitura\" \/>\n\t<meta name=\"twitter:data1\" content=\"6 minutos\" \/>\n<script type=\"application\/ld+json\" class=\"yoast-schema-graph\">{\"@context\":\"https:\\\/\\\/schema.org\",\"@graph\":[{\"@type\":\"WebPage\",\"@id\":\"https:\\\/\\\/farmacia.saude.pe.gov.br\\\/?page_id=171\",\"url\":\"https:\\\/\\\/farmacia.saude.pe.gov.br\\\/?page_id=171\",\"name\":\"Governo - Farm\u00e1cia de Pernambuco\",\"isPartOf\":{\"@id\":\"https:\\\/\\\/farmacia.saude.pe.gov.br\\\/#website\"},\"primaryImageOfPage\":{\"@id\":\"https:\\\/\\\/farmacia.saude.pe.gov.br\\\/?page_id=171#primaryimage\"},\"image\":{\"@id\":\"https:\\\/\\\/farmacia.saude.pe.gov.br\\\/?page_id=171#primaryimage\"},\"thumbnailUrl\":\"http:\\\/\\\/www.pe.gov.br\\\/wp-content\\\/uploads\\\/2023\\\/08\\\/Raquel_lyra_governadora-1.jpeg\",\"datePublished\":\"2023-08-15T14:37:11+00:00\",\"dateModified\":\"2023-10-05T20:08:38+00:00\",\"breadcrumb\":{\"@id\":\"https:\\\/\\\/farmacia.saude.pe.gov.br\\\/?page_id=171#breadcrumb\"},\"inLanguage\":\"pt-BR\",\"potentialAction\":[{\"@type\":\"ReadAction\",\"target\":[\"https:\\\/\\\/farmacia.saude.pe.gov.br\\\/?page_id=171\"]}]},{\"@type\":\"ImageObject\",\"inLanguage\":\"pt-BR\",\"@id\":\"https:\\\/\\\/farmacia.saude.pe.gov.br\\\/?page_id=171#primaryimage\",\"url\":\"http:\\\/\\\/www.pe.gov.br\\\/wp-content\\\/uploads\\\/2023\\\/08\\\/Raquel_lyra_governadora-1.jpeg\",\"contentUrl\":\"http:\\\/\\\/www.pe.gov.br\\\/wp-content\\\/uploads\\\/2023\\\/08\\\/Raquel_lyra_governadora-1.jpeg\"},{\"@type\":\"BreadcrumbList\",\"@id\":\"https:\\\/\\\/farmacia.saude.pe.gov.br\\\/?page_id=171#breadcrumb\",\"itemListElement\":[{\"@type\":\"ListItem\",\"position\":1,\"name\":\"Home\",\"item\":\"https:\\\/\\\/farmacia.saude.pe.gov.br\\\/\"},{\"@type\":\"ListItem\",\"position\":2,\"name\":\"Governo\"}]},{\"@type\":\"WebSite\",\"@id\":\"https:\\\/\\\/farmacia.saude.pe.gov.br\\\/#website\",\"url\":\"https:\\\/\\\/farmacia.saude.pe.gov.br\\\/\",\"name\":\"Farm\u00e1cia de Pernambuco\",\"description\":\"\",\"publisher\":{\"@id\":\"https:\\\/\\\/farmacia.saude.pe.gov.br\\\/#organization\"},\"potentialAction\":[{\"@type\":\"SearchAction\",\"target\":{\"@type\":\"EntryPoint\",\"urlTemplate\":\"https:\\\/\\\/farmacia.saude.pe.gov.br\\\/?s={search_term_string}\"},\"query-input\":{\"@type\":\"PropertyValueSpecification\",\"valueRequired\":true,\"valueName\":\"search_term_string\"}}],\"inLanguage\":\"pt-BR\"},{\"@type\":\"Organization\",\"@id\":\"https:\\\/\\\/farmacia.saude.pe.gov.br\\\/#organization\",\"name\":\"Farm\u00e1cia de Pernambuco\",\"url\":\"https:\\\/\\\/farmacia.saude.pe.gov.br\\\/\",\"logo\":{\"@type\":\"ImageObject\",\"inLanguage\":\"pt-BR\",\"@id\":\"https:\\\/\\\/farmacia.saude.pe.gov.br\\\/#\\\/schema\\\/logo\\\/image\\\/\",\"url\":\"https:\\\/\\\/farmacia.saude.pe.gov.br\\\/wp-content\\\/uploads\\\/2023\\\/08\\\/logoFarmacia.jpg\",\"contentUrl\":\"https:\\\/\\\/farmacia.saude.pe.gov.br\\\/wp-content\\\/uploads\\\/2023\\\/08\\\/logoFarmacia.jpg\",\"width\":490,\"height\":223,\"caption\":\"Farm\u00e1cia de Pernambuco\"},\"image\":{\"@id\":\"https:\\\/\\\/farmacia.saude.pe.gov.br\\\/#\\\/schema\\\/logo\\\/image\\\/\"}}]}<\/script>\n<!-- \/ Yoast SEO plugin. -->","yoast_head_json":{"title":"Governo - Farm\u00e1cia de Pernambuco","robots":{"index":"index","follow":"follow","max-snippet":"max-snippet:-1","max-image-preview":"max-image-preview:large","max-video-preview":"max-video-preview:-1"},"canonical":"https:\/\/farmacia.saude.pe.gov.br\/?page_id=171","og_locale":"pt_BR","og_type":"article","og_title":"Governo - Farm\u00e1cia de Pernambuco","og_description":"Primeira mulher eleita governadora de Pernambuco, Raquel Lyra \u00e9 advogada e pol\u00edtica pernambucana &#8211; com forte atua\u00e7\u00e3o no interior do Estado. Primeira mulher eleita governadora de Pernambuco, Raquel Lyra \u00e9 advogada e pol\u00edtica pernambucana &#8211; com forte atua\u00e7\u00e3o no interior do Estado. Ela \u00e9 formada em Direito pela Universidade Federal de Pernambuco, \u00e9 vi\u00fava e [&hellip;]","og_url":"https:\/\/farmacia.saude.pe.gov.br\/?page_id=171","og_site_name":"Farm\u00e1cia de Pernambuco","article_modified_time":"2023-10-05T20:08:38+00:00","og_image":[{"url":"http:\/\/www.pe.gov.br\/wp-content\/uploads\/2023\/08\/Raquel_lyra_governadora-1.jpeg","type":"","width":"","height":""}],"twitter_card":"summary_large_image","twitter_misc":{"Est. tempo de leitura":"6 minutos"},"schema":{"@context":"https:\/\/schema.org","@graph":[{"@type":"WebPage","@id":"https:\/\/farmacia.saude.pe.gov.br\/?page_id=171","url":"https:\/\/farmacia.saude.pe.gov.br\/?page_id=171","name":"Governo - Farm\u00e1cia de Pernambuco","isPartOf":{"@id":"https:\/\/farmacia.saude.pe.gov.br\/#website"},"primaryImageOfPage":{"@id":"https:\/\/farmacia.saude.pe.gov.br\/?page_id=171#primaryimage"},"image":{"@id":"https:\/\/farmacia.saude.pe.gov.br\/?page_id=171#primaryimage"},"thumbnailUrl":"http:\/\/www.pe.gov.br\/wp-content\/uploads\/2023\/08\/Raquel_lyra_governadora-1.jpeg","datePublished":"2023-08-15T14:37:11+00:00","dateModified":"2023-10-05T20:08:38+00:00","breadcrumb":{"@id":"https:\/\/farmacia.saude.pe.gov.br\/?page_id=171#breadcrumb"},"inLanguage":"pt-BR","potentialAction":[{"@type":"ReadAction","target":["https:\/\/farmacia.saude.pe.gov.br\/?page_id=171"]}]},{"@type":"ImageObject","inLanguage":"pt-BR","@id":"https:\/\/farmacia.saude.pe.gov.br\/?page_id=171#primaryimage","url":"http:\/\/www.pe.gov.br\/wp-content\/uploads\/2023\/08\/Raquel_lyra_governadora-1.jpeg","contentUrl":"http:\/\/www.pe.gov.br\/wp-content\/uploads\/2023\/08\/Raquel_lyra_governadora-1.jpeg"},{"@type":"BreadcrumbList","@id":"https:\/\/farmacia.saude.pe.gov.br\/?page_id=171#breadcrumb","itemListElement":[{"@type":"ListItem","position":1,"name":"Home","item":"https:\/\/farmacia.saude.pe.gov.br\/"},{"@type":"ListItem","position":2,"name":"Governo"}]},{"@type":"WebSite","@id":"https:\/\/farmacia.saude.pe.gov.br\/#website","url":"https:\/\/farmacia.saude.pe.gov.br\/","name":"Farm\u00e1cia de Pernambuco","description":"","publisher":{"@id":"https:\/\/farmacia.saude.pe.gov.br\/#organization"},"potentialAction":[{"@type":"SearchAction","target":{"@type":"EntryPoint","urlTemplate":"https:\/\/farmacia.saude.pe.gov.br\/?s={search_term_string}"},"query-input":{"@type":"PropertyValueSpecification","valueRequired":true,"valueName":"search_term_string"}}],"inLanguage":"pt-BR"},{"@type":"Organization","@id":"https:\/\/farmacia.saude.pe.gov.br\/#organization","name":"Farm\u00e1cia de Pernambuco","url":"https:\/\/farmacia.saude.pe.gov.br\/","logo":{"@type":"ImageObject","inLanguage":"pt-BR","@id":"https:\/\/farmacia.saude.pe.gov.br\/#\/schema\/logo\/image\/","url":"https:\/\/farmacia.saude.pe.gov.br\/wp-content\/uploads\/2023\/08\/logoFarmacia.jpg","contentUrl":"https:\/\/farmacia.saude.pe.gov.br\/wp-content\/uploads\/2023\/08\/logoFarmacia.jpg","width":490,"height":223,"caption":"Farm\u00e1cia de Pernambuco"},"image":{"@id":"https:\/\/farmacia.saude.pe.gov.br\/#\/schema\/logo\/image\/"}}]}},"_links":{"self":[{"href":"https:\/\/farmacia.saude.pe.gov.br\/index.php?rest_route=\/wp\/v2\/pages\/171","targetHints":{"allow":["GET"]}}],"collection":[{"href":"https:\/\/farmacia.saude.pe.gov.br\/index.php?rest_route=\/wp\/v2\/pages"}],"about":[{"href":"https:\/\/farmacia.saude.pe.gov.br\/index.php?rest_route=\/wp\/v2\/types\/page"}],"author":[{"embeddable":true,"href":"https:\/\/farmacia.saude.pe.gov.br\/index.php?rest_route=\/wp\/v2\/users\/5"}],"replies":[{"embeddable":true,"href":"https:\/\/farmacia.saude.pe.gov.br\/index.php?rest_route=%2Fwp%2Fv2%2Fcomments&post=171"}],"version-history":[{"count":41,"href":"https:\/\/farmacia.saude.pe.gov.br\/index.php?rest_route=\/wp\/v2\/pages\/171\/revisions"}],"predecessor-version":[{"id":2961,"href":"https:\/\/farmacia.saude.pe.gov.br\/index.php?rest_route=\/wp\/v2\/pages\/171\/revisions\/2961"}],"wp:attachment":[{"href":"https:\/\/farmacia.saude.pe.gov.br\/index.php?rest_route=%2Fwp%2Fv2%2Fmedia&parent=171"}],"curies":[{"name":"wp","href":"https:\/\/api.w.org\/{rel}","templated":true}]}}