{"id":3979,"date":"2025-06-25T15:45:42","date_gmt":"2025-06-25T18:45:42","guid":{"rendered":"https:\/\/farmacia-homologacao.saude.pe.gov.br\/?page_id=3979"},"modified":"2025-07-23T21:06:07","modified_gmt":"2025-07-24T00:06:07","slug":"programa-especiais-ses-pe","status":"publish","type":"page","link":"https:\/\/farmacia.saude.pe.gov.br\/?page_id=3979","title":{"rendered":"Programa Especiais &#8211; SES\/PE"},"content":{"rendered":"\t\t<div data-elementor-type=\"wp-page\" data-elementor-id=\"3979\" class=\"elementor elementor-3979\" data-elementor-post-type=\"page\">\n\t\t\t\t<div class=\"elementor-element elementor-element-d661096 e-flex e-con-boxed e-con e-parent\" data-id=\"d661096\" data-element_type=\"container\" data-e-type=\"container\" data-settings=\"{&quot;jet_parallax_layout_list&quot;:[]}\">\n\t\t\t\t\t<div class=\"e-con-inner\">\n\t\t\t\t<div class=\"elementor-element elementor-element-446e58d elementor-widget elementor-widget-heading\" data-id=\"446e58d\" data-element_type=\"widget\" data-e-type=\"widget\" data-widget_type=\"heading.default\">\n\t\t\t\t<div class=\"elementor-widget-container\">\n\t\t\t\t\t<h2 class=\"elementor-heading-title elementor-size-default\">Programa Especias - SES\/PE<\/h2>\t\t\t\t<\/div>\n\t\t\t\t<\/div>\n\t\t\t\t<div class=\"elementor-element elementor-element-dd01303 elementor-widget elementor-widget-text-editor\" data-id=\"dd01303\" data-element_type=\"widget\" data-e-type=\"widget\" data-widget_type=\"text-editor.default\">\n\t\t\t\t<div class=\"elementor-widget-container\">\n\t\t\t\t\t\t\t\t\t<p>Programas Especiais &#8211; Rela\u00e7\u00e3o Complementar do Estado de Pernambuco (RECE\/PE), contemplando medicamentos e insumos adquiridos com financiamento do gestor estadual para o tratamento de algumas patologias, definidas pelas <a href=\"https:\/\/farmacia-homologacao.saude.pe.gov.br\/?page_id=3985\">Normas T\u00e9cnicas Estaduais<\/a>.<\/p>\t\t\t\t\t\t\t\t<\/div>\n\t\t\t\t<\/div>\n\t\t\t\t<div class=\"elementor-element elementor-element-876ac7d elementor-widget-divider--view-line elementor-widget elementor-widget-divider\" data-id=\"876ac7d\" data-element_type=\"widget\" data-e-type=\"widget\" data-widget_type=\"divider.default\">\n\t\t\t\t<div class=\"elementor-widget-container\">\n\t\t\t\t\t\t\t<div class=\"elementor-divider\">\n\t\t\t<span class=\"elementor-divider-separator\">\n\t\t\t\t\t\t<\/span>\n\t\t<\/div>\n\t\t\t\t\t\t<\/div>\n\t\t\t\t<\/div>\n\t\t\t\t\t<\/div>\n\t\t\t\t<\/div>\n\t\t<div class=\"elementor-element elementor-element-cf0ed68 e-flex e-con-boxed e-con e-parent\" data-id=\"cf0ed68\" data-element_type=\"container\" data-e-type=\"container\" data-settings=\"{&quot;jet_parallax_layout_list&quot;:[]}\">\n\t\t\t\t\t<div class=\"e-con-inner\">\n\t\t<div class=\"elementor-element elementor-element-92ff5dd e-con-full e-flex e-con e-child\" data-id=\"92ff5dd\" data-element_type=\"container\" data-e-type=\"container\" data-settings=\"{&quot;jet_parallax_layout_list&quot;:[]}\">\n\t\t\t\t<div class=\"elementor-element elementor-element-ba3db7c elementor-widget elementor-widget-heading\" data-id=\"ba3db7c\" data-element_type=\"widget\" data-e-type=\"widget\" data-widget_type=\"heading.default\">\n\t\t\t\t<div class=\"elementor-widget-container\">\n\t\t\t\t\t<h3 class=\"elementor-heading-title elementor-size-default\">Outros links<\/h3>\t\t\t\t<\/div>\n\t\t\t\t<\/div>\n\t\t\t\t<div class=\"elementor-element elementor-element-e5100d9 elementor-widget elementor-widget-ucaddon_card_carousel\" data-id=\"e5100d9\" data-element_type=\"widget\" data-e-type=\"widget\" data-widget_type=\"ucaddon_card_carousel.default\">\n\t\t\t\t<div class=\"elementor-widget-container\">\n\t\t\t\t\t\n<!-- start Card Carousel -->\n\t\t<link id='font-awesome-css' href='https:\/\/farmacia.saude.pe.gov.br\/wp-content\/plugins\/unlimited-elements-for-elementor\/assets_libraries\/font-awesome6\/fontawesome-all.min.css' type='text\/css' rel='stylesheet' >\n\t\t<link id='font-awesome-4-shim-css' href='https:\/\/farmacia.saude.pe.gov.br\/wp-content\/plugins\/unlimited-elements-for-elementor\/assets_libraries\/font-awesome6\/fontawesome-v4-shims.min.css' type='text\/css' rel='stylesheet' >\n\t\t<link id='owl-carousel-css' href='https:\/\/farmacia.saude.pe.gov.br\/wp-content\/plugins\/unlimited-elements-for-elementor\/assets_libraries\/owl-carousel-new\/assets\/owl.carousel.css' type='text\/css' rel='stylesheet' >\n\n<style>\/* widget: Card Carousel *\/\n\n#uc_card_carousel_elementor_e5100d9-wrapper\n{\n  min-height:1px;\n}\n#uc_card_carousel_elementor_e5100d9 *{\n\t-webkit-box-sizing: border-box;\n\t-moz-box-sizing: border-box;\n\tbox-sizing: border-box;\n}\n\n#uc_card_carousel_elementor_e5100d9 .ue-carousel-item\n{\n  overflow:hidden;\n  transition:0.3s;\n}\n\n#uc_card_carousel_elementor_e5100d9 .uc_classic_carousel_container_holder\n{\n\tdisplay:block;\n\tposition:relative;\n\twidth:100%;\n    box-sizing: border-box;\n}\n#uc_card_carousel_elementor_e5100d9 .uc_classic_carousel_placeholder{\n   position:relative;\n}\n\n#uc_card_carousel_elementor_e5100d9 .uc_classic_carousel_placeholder img, #uc_card_carousel_elementor_e5100d9 .ue_card_carousel_image_overlay\n{\n  transition: all 300ms;\n}\n\n.card_carousel_title\n{\n\tfont-size:21px;\n}\n\n.uc_classic_carousel .uc_classic_carousel_border\n{\n\tdisplay:block;\n    margin:0 auto;\n}\n\n.uc_classic_carousel  .uc_classic_carousel_placeholder img\n{\n\twidth:100%;\n    \n    display:inline-flex;\n}\n.uc_classic_carousel .uc_classic_carousel_content\n{\n  display: flex;\n flex-flow: column nowrap;\n}\n\n.uc_classic_carousel .ue_button\n{\n  margin-top:auto;\n\n}\n\n.uc_classic_carousel .uc_classic_carousel_content .uc_more_btn {\n\tdisplay:inline-block;\n\ttext-decoration:none;\n\ttransition: all 0.5s ease;\n}\n\n\n#uc_card_carousel_elementor_e5100d9 .owl-dots {\noverflow:hidden;\ntext-align:center;\n}\n\n#uc_card_carousel_elementor_e5100d9 .owl-dot {\nborder-radius:50%;\ndisplay:inline-block;\n}\n\n#uc_card_carousel_elementor_e5100d9 .owl-nav .owl-prev{\n    position:absolute;\n    display:inline-block;\n    text-align:center;\n}\n#uc_card_carousel_elementor_e5100d9 .owl-nav .owl-next{\n  position:absolute;\n  display:inline-block;\n  text-align:center;\n}\n\n#uc_card_carousel_elementor_e5100d9 .owl-nav .disabled\n{\n    display: none;  \n}\n\n\n#uc_card_carousel_elementor_e5100d9 .ue-item-icon\n{\n  line-height:1em;\n  display:inline-flex;\n  justify-content:center;\n  align-items:center;\n  \n}\n\n#uc_card_carousel_elementor_e5100d9 .ue-item-icon svg\n{\n  height:1em;\n  width:1em;\n}\n\n#uc_card_carousel_elementor_e5100d9 .ue-item-icon-wrapper\n{\n  display:flex;\n}\n\n#uc_card_carousel_elementor_e5100d9 .uc_classic_carousel_container_holder {\n\t max-width: ;\n}\n\n\n\n@media screen and (max-width: 1024px) {\n  #uc_card_carousel_elementor_e5100d9 .uc_classic_carousel_container_holder {\n\t max-width: ;\n  }\n}\n\n@media screen and (max-width: 767px) {\n  #uc_card_carousel_elementor_e5100d9 .uc_classic_carousel_container_holder {\n    max-width: ;\n  }\n}\n\n<\/style>\n\n<div class=\"uc_classic_carousel\" id=\"uc_card_carousel_elementor_e5100d9-wrapper\">\n        <div class=\"uc_carousel owl-carousel uc-items-wrapper  \" id=\"uc_card_carousel_elementor_e5100d9\"  >\n          \t<div class=\"uc_classic_carousel_container_holder ue-item elementor-repeater-item-e9b5fbd\">\n  <div class=\"ue-carousel-item\">\n      <div class=\"uc_classic_carousel_content\" style=\"direction:ltr;\">\n    \n    \n          <div class=\"ue-item-icon-wrapper\">\n         <div class=\"ue-item-icon\"><img src='http:\/\/www.pe.gov.br\/wp-content\/uploads\/2023\/08\/icon5.svg' class='uc-svg-image'><\/div>\n      <\/div>\n        \n          \t\n      <div  class=\"card_carousel_title\">SEI<\/div>\n          \t\n    \n      \n    <p class=\"card_carousel_text\">O Sistema Eletr\u00f4nico de Informa\u00e7\u00f5es <\/p>    \n    \n    \t\n    \n    \n        \t \n              <div class=\"ue_button\"><a class=\"uc_more_btn \" href=\"https:\/\/www.portalsei.pe.gov.br\/\" title=\"Acessar\"  target='_blank'>Acessar<\/a><\/div>\n        \t    \n    \t\n  <\/div>\n  <\/div>\n<\/div>\n<div class=\"uc_classic_carousel_container_holder ue-item elementor-repeater-item-981c353\">\n  <div class=\"ue-carousel-item\">\n      <div class=\"uc_classic_carousel_content\" style=\"direction:ltr;\">\n    \n    \n          <div class=\"ue-item-icon-wrapper\">\n         <div class=\"ue-item-icon\"><img src='http:\/\/www.pe.gov.br\/wp-content\/uploads\/2023\/08\/icon3.svg' class='uc-svg-image'><\/div>\n      <\/div>\n        \n          \t\n      <div  class=\"card_carousel_title\">CNES<\/div>\n          \t\n    \n      \n    <p class=\"card_carousel_text\">Cadastro Nacional de Estabelecimento de Sa\u00fade<\/p>    \n    \n    \t\n    \n    \n        \t \n              <div class=\"ue_button\"><a class=\"uc_more_btn \" href=\"http:\/\/cnes.datasus.gov.br\/\" title=\"Acessar\"  target='_blank'>Acessar<\/a><\/div>\n        \t    \n    \t\n  <\/div>\n  <\/div>\n<\/div>\n<div class=\"uc_classic_carousel_container_holder ue-item elementor-repeater-item-415b386\">\n  <div class=\"ue-carousel-item\">\n      <div class=\"uc_classic_carousel_content\" style=\"direction:ltr;\">\n    \n    \n          <div class=\"ue-item-icon-wrapper\">\n         <div class=\"ue-item-icon\"><img src='http:\/\/www.pe.gov.br\/wp-content\/uploads\/2023\/08\/icon2.svg' class='uc-svg-image'><\/div>\n      <\/div>\n        \n          \t\n      <div  class=\"card_carousel_title\">Ouvidoria<\/div>\n          \t\n    \n      \n    <p class=\"card_carousel_text\">Sugira, elogie, reclame ou denuncie os servi\u00e7os ou condutas do estado<\/p>    \n    \n    \t\n    \n    \n        \t \n              <div class=\"ue_button\"><a class=\"uc_more_btn \" href=\"https:\/\/portal.saude.pe.gov.br\/ouvidoria\/\" title=\"Acessar\"  target='_blank'>Acessar<\/a><\/div>\n        \t    \n    \t\n  <\/div>\n  <\/div>\n<\/div>\n<div class=\"uc_classic_carousel_container_holder ue-item elementor-repeater-item-756a297\">\n  <div class=\"ue-carousel-item\">\n      <div class=\"uc_classic_carousel_content\" style=\"direction:ltr;\">\n    \n    \n          <div class=\"ue-item-icon-wrapper\">\n         <div class=\"ue-item-icon\"><i class='fas fa-desktop'><\/i><\/div>\n      <\/div>\n        \n          \t\n      <div  class=\"card_carousel_title\">Sistema H\u00d3RUS<\/div>\n          \t\n    \n      \n    <p class=\"card_carousel_text\">Sistema que controla a dispensa\u00e7\u00e3o de medicamentos especializados no SUS.<\/p>    \n    \n    \t\n    \n    \n        \t \n              <div class=\"ue_button\"><a class=\"uc_more_btn \" href=\"https:\/\/scaweb.saude.gov.br\/scaweb\/\" title=\"Acessar\"  target='_blank'>Acessar<\/a><\/div>\n        \t    \n    \t\n  <\/div>\n  <\/div>\n<\/div>\n\n      <\/div>\n<\/div>\n<!-- end Card Carousel -->\t\t\t\t<\/div>\n\t\t\t\t<\/div>\n\t\t\t\t<\/div>\n\t\t\t\t\t<\/div>\n\t\t\t\t<\/div>\n\t\t\t\t<\/div>\n\t\t","protected":false},"excerpt":{"rendered":"<p>Programa Especias &#8211; SES\/PE Programas Especiais &#8211; Rela\u00e7\u00e3o Complementar do Estado de Pernambuco (RECE\/PE), contemplando medicamentos e insumos adquiridos com financiamento do gestor estadual para o tratamento de algumas patologias, definidas pelas Normas T\u00e9cnicas Estaduais. Outros links SEI O Sistema Eletr\u00f4nico de Informa\u00e7\u00f5es Acessar CNES Cadastro Nacional de Estabelecimento de Sa\u00fade Acessar Ouvidoria Sugira, elogie, [&hellip;]<\/p>\n","protected":false},"author":5,"featured_media":0,"parent":0,"menu_order":0,"comment_status":"closed","ping_status":"closed","template":"","meta":{"footnotes":""},"class_list":["post-3979","page","type-page","status-publish","hentry"],"yoast_head":"<!-- This site is optimized with the Yoast SEO plugin v27.5 - https:\/\/yoast.com\/product\/yoast-seo-wordpress\/ -->\n<title>Programa Especiais - SES\/PE - Farm\u00e1cia de Pernambuco<\/title>\n<meta name=\"robots\" content=\"index, follow, max-snippet:-1, max-image-preview:large, max-video-preview:-1\" \/>\n<link rel=\"canonical\" href=\"https:\/\/farmacia.saude.pe.gov.br\/?page_id=3979\" \/>\n<meta property=\"og:locale\" content=\"pt_BR\" \/>\n<meta property=\"og:type\" content=\"article\" \/>\n<meta property=\"og:title\" content=\"Programa Especiais - SES\/PE - Farm\u00e1cia de Pernambuco\" \/>\n<meta property=\"og:description\" content=\"Programa Especias &#8211; SES\/PE Programas Especiais &#8211; Rela\u00e7\u00e3o Complementar do Estado de Pernambuco (RECE\/PE), contemplando medicamentos e insumos adquiridos com financiamento do gestor estadual para o tratamento de algumas patologias, definidas pelas Normas T\u00e9cnicas Estaduais. Outros links SEI O Sistema Eletr\u00f4nico de Informa\u00e7\u00f5es Acessar CNES Cadastro Nacional de Estabelecimento de Sa\u00fade Acessar Ouvidoria Sugira, elogie, [&hellip;]\" \/>\n<meta property=\"og:url\" content=\"https:\/\/farmacia.saude.pe.gov.br\/?page_id=3979\" \/>\n<meta property=\"og:site_name\" content=\"Farm\u00e1cia de Pernambuco\" \/>\n<meta property=\"article:modified_time\" content=\"2025-07-24T00:06:07+00:00\" \/>\n<meta property=\"og:image\" content=\"http:\/\/www.pe.gov.br\/wp-content\/uploads\/2023\/08\/icon5.svg\" \/>\n<meta name=\"twitter:card\" content=\"summary_large_image\" \/>\n<meta name=\"twitter:label1\" content=\"Est. tempo de leitura\" \/>\n\t<meta name=\"twitter:data1\" content=\"2 minutos\" \/>\n<script type=\"application\/ld+json\" class=\"yoast-schema-graph\">{\"@context\":\"https:\\\/\\\/schema.org\",\"@graph\":[{\"@type\":\"WebPage\",\"@id\":\"https:\\\/\\\/farmacia.saude.pe.gov.br\\\/?page_id=3979\",\"url\":\"https:\\\/\\\/farmacia.saude.pe.gov.br\\\/?page_id=3979\",\"name\":\"Programa Especiais - SES\\\/PE - Farm\u00e1cia de Pernambuco\",\"isPartOf\":{\"@id\":\"https:\\\/\\\/farmacia.saude.pe.gov.br\\\/#website\"},\"primaryImageOfPage\":{\"@id\":\"https:\\\/\\\/farmacia.saude.pe.gov.br\\\/?page_id=3979#primaryimage\"},\"image\":{\"@id\":\"https:\\\/\\\/farmacia.saude.pe.gov.br\\\/?page_id=3979#primaryimage\"},\"thumbnailUrl\":\"http:\\\/\\\/www.pe.gov.br\\\/wp-content\\\/uploads\\\/2023\\\/08\\\/icon5.svg\",\"datePublished\":\"2025-06-25T18:45:42+00:00\",\"dateModified\":\"2025-07-24T00:06:07+00:00\",\"breadcrumb\":{\"@id\":\"https:\\\/\\\/farmacia.saude.pe.gov.br\\\/?page_id=3979#breadcrumb\"},\"inLanguage\":\"pt-BR\",\"potentialAction\":[{\"@type\":\"ReadAction\",\"target\":[\"https:\\\/\\\/farmacia.saude.pe.gov.br\\\/?page_id=3979\"]}]},{\"@type\":\"ImageObject\",\"inLanguage\":\"pt-BR\",\"@id\":\"https:\\\/\\\/farmacia.saude.pe.gov.br\\\/?page_id=3979#primaryimage\",\"url\":\"http:\\\/\\\/www.pe.gov.br\\\/wp-content\\\/uploads\\\/2023\\\/08\\\/icon5.svg\",\"contentUrl\":\"http:\\\/\\\/www.pe.gov.br\\\/wp-content\\\/uploads\\\/2023\\\/08\\\/icon5.svg\"},{\"@type\":\"BreadcrumbList\",\"@id\":\"https:\\\/\\\/farmacia.saude.pe.gov.br\\\/?page_id=3979#breadcrumb\",\"itemListElement\":[{\"@type\":\"ListItem\",\"position\":1,\"name\":\"Home\",\"item\":\"https:\\\/\\\/farmacia.saude.pe.gov.br\\\/\"},{\"@type\":\"ListItem\",\"position\":2,\"name\":\"Programa Especiais &#8211; SES\\\/PE\"}]},{\"@type\":\"WebSite\",\"@id\":\"https:\\\/\\\/farmacia.saude.pe.gov.br\\\/#website\",\"url\":\"https:\\\/\\\/farmacia.saude.pe.gov.br\\\/\",\"name\":\"Farm\u00e1cia de Pernambuco\",\"description\":\"\",\"publisher\":{\"@id\":\"https:\\\/\\\/farmacia.saude.pe.gov.br\\\/#organization\"},\"potentialAction\":[{\"@type\":\"SearchAction\",\"target\":{\"@type\":\"EntryPoint\",\"urlTemplate\":\"https:\\\/\\\/farmacia.saude.pe.gov.br\\\/?s={search_term_string}\"},\"query-input\":{\"@type\":\"PropertyValueSpecification\",\"valueRequired\":true,\"valueName\":\"search_term_string\"}}],\"inLanguage\":\"pt-BR\"},{\"@type\":\"Organization\",\"@id\":\"https:\\\/\\\/farmacia.saude.pe.gov.br\\\/#organization\",\"name\":\"Farm\u00e1cia de Pernambuco\",\"url\":\"https:\\\/\\\/farmacia.saude.pe.gov.br\\\/\",\"logo\":{\"@type\":\"ImageObject\",\"inLanguage\":\"pt-BR\",\"@id\":\"https:\\\/\\\/farmacia.saude.pe.gov.br\\\/#\\\/schema\\\/logo\\\/image\\\/\",\"url\":\"https:\\\/\\\/farmacia.saude.pe.gov.br\\\/wp-content\\\/uploads\\\/2023\\\/08\\\/logoFarmacia.jpg\",\"contentUrl\":\"https:\\\/\\\/farmacia.saude.pe.gov.br\\\/wp-content\\\/uploads\\\/2023\\\/08\\\/logoFarmacia.jpg\",\"width\":490,\"height\":223,\"caption\":\"Farm\u00e1cia de Pernambuco\"},\"image\":{\"@id\":\"https:\\\/\\\/farmacia.saude.pe.gov.br\\\/#\\\/schema\\\/logo\\\/image\\\/\"}}]}<\/script>\n<!-- \/ Yoast SEO plugin. -->","yoast_head_json":{"title":"Programa Especiais - SES\/PE - Farm\u00e1cia de Pernambuco","robots":{"index":"index","follow":"follow","max-snippet":"max-snippet:-1","max-image-preview":"max-image-preview:large","max-video-preview":"max-video-preview:-1"},"canonical":"https:\/\/farmacia.saude.pe.gov.br\/?page_id=3979","og_locale":"pt_BR","og_type":"article","og_title":"Programa Especiais - SES\/PE - Farm\u00e1cia de Pernambuco","og_description":"Programa Especias &#8211; SES\/PE Programas Especiais &#8211; Rela\u00e7\u00e3o Complementar do Estado de Pernambuco (RECE\/PE), contemplando medicamentos e insumos adquiridos com financiamento do gestor estadual para o tratamento de algumas patologias, definidas pelas Normas T\u00e9cnicas Estaduais. Outros links SEI O Sistema Eletr\u00f4nico de Informa\u00e7\u00f5es Acessar CNES Cadastro Nacional de Estabelecimento de Sa\u00fade Acessar Ouvidoria Sugira, elogie, [&hellip;]","og_url":"https:\/\/farmacia.saude.pe.gov.br\/?page_id=3979","og_site_name":"Farm\u00e1cia de Pernambuco","article_modified_time":"2025-07-24T00:06:07+00:00","og_image":[{"url":"http:\/\/www.pe.gov.br\/wp-content\/uploads\/2023\/08\/icon5.svg","type":"","width":"","height":""}],"twitter_card":"summary_large_image","twitter_misc":{"Est. tempo de leitura":"2 minutos"},"schema":{"@context":"https:\/\/schema.org","@graph":[{"@type":"WebPage","@id":"https:\/\/farmacia.saude.pe.gov.br\/?page_id=3979","url":"https:\/\/farmacia.saude.pe.gov.br\/?page_id=3979","name":"Programa Especiais - SES\/PE - Farm\u00e1cia de Pernambuco","isPartOf":{"@id":"https:\/\/farmacia.saude.pe.gov.br\/#website"},"primaryImageOfPage":{"@id":"https:\/\/farmacia.saude.pe.gov.br\/?page_id=3979#primaryimage"},"image":{"@id":"https:\/\/farmacia.saude.pe.gov.br\/?page_id=3979#primaryimage"},"thumbnailUrl":"http:\/\/www.pe.gov.br\/wp-content\/uploads\/2023\/08\/icon5.svg","datePublished":"2025-06-25T18:45:42+00:00","dateModified":"2025-07-24T00:06:07+00:00","breadcrumb":{"@id":"https:\/\/farmacia.saude.pe.gov.br\/?page_id=3979#breadcrumb"},"inLanguage":"pt-BR","potentialAction":[{"@type":"ReadAction","target":["https:\/\/farmacia.saude.pe.gov.br\/?page_id=3979"]}]},{"@type":"ImageObject","inLanguage":"pt-BR","@id":"https:\/\/farmacia.saude.pe.gov.br\/?page_id=3979#primaryimage","url":"http:\/\/www.pe.gov.br\/wp-content\/uploads\/2023\/08\/icon5.svg","contentUrl":"http:\/\/www.pe.gov.br\/wp-content\/uploads\/2023\/08\/icon5.svg"},{"@type":"BreadcrumbList","@id":"https:\/\/farmacia.saude.pe.gov.br\/?page_id=3979#breadcrumb","itemListElement":[{"@type":"ListItem","position":1,"name":"Home","item":"https:\/\/farmacia.saude.pe.gov.br\/"},{"@type":"ListItem","position":2,"name":"Programa Especiais &#8211; SES\/PE"}]},{"@type":"WebSite","@id":"https:\/\/farmacia.saude.pe.gov.br\/#website","url":"https:\/\/farmacia.saude.pe.gov.br\/","name":"Farm\u00e1cia de Pernambuco","description":"","publisher":{"@id":"https:\/\/farmacia.saude.pe.gov.br\/#organization"},"potentialAction":[{"@type":"SearchAction","target":{"@type":"EntryPoint","urlTemplate":"https:\/\/farmacia.saude.pe.gov.br\/?s={search_term_string}"},"query-input":{"@type":"PropertyValueSpecification","valueRequired":true,"valueName":"search_term_string"}}],"inLanguage":"pt-BR"},{"@type":"Organization","@id":"https:\/\/farmacia.saude.pe.gov.br\/#organization","name":"Farm\u00e1cia de Pernambuco","url":"https:\/\/farmacia.saude.pe.gov.br\/","logo":{"@type":"ImageObject","inLanguage":"pt-BR","@id":"https:\/\/farmacia.saude.pe.gov.br\/#\/schema\/logo\/image\/","url":"https:\/\/farmacia.saude.pe.gov.br\/wp-content\/uploads\/2023\/08\/logoFarmacia.jpg","contentUrl":"https:\/\/farmacia.saude.pe.gov.br\/wp-content\/uploads\/2023\/08\/logoFarmacia.jpg","width":490,"height":223,"caption":"Farm\u00e1cia de Pernambuco"},"image":{"@id":"https:\/\/farmacia.saude.pe.gov.br\/#\/schema\/logo\/image\/"}}]}},"_links":{"self":[{"href":"https:\/\/farmacia.saude.pe.gov.br\/index.php?rest_route=\/wp\/v2\/pages\/3979","targetHints":{"allow":["GET"]}}],"collection":[{"href":"https:\/\/farmacia.saude.pe.gov.br\/index.php?rest_route=\/wp\/v2\/pages"}],"about":[{"href":"https:\/\/farmacia.saude.pe.gov.br\/index.php?rest_route=\/wp\/v2\/types\/page"}],"author":[{"embeddable":true,"href":"https:\/\/farmacia.saude.pe.gov.br\/index.php?rest_route=\/wp\/v2\/users\/5"}],"replies":[{"embeddable":true,"href":"https:\/\/farmacia.saude.pe.gov.br\/index.php?rest_route=%2Fwp%2Fv2%2Fcomments&post=3979"}],"version-history":[{"count":10,"href":"https:\/\/farmacia.saude.pe.gov.br\/index.php?rest_route=\/wp\/v2\/pages\/3979\/revisions"}],"predecessor-version":[{"id":5627,"href":"https:\/\/farmacia.saude.pe.gov.br\/index.php?rest_route=\/wp\/v2\/pages\/3979\/revisions\/5627"}],"wp:attachment":[{"href":"https:\/\/farmacia.saude.pe.gov.br\/index.php?rest_route=%2Fwp%2Fv2%2Fmedia&parent=3979"}],"curies":[{"name":"wp","href":"https:\/\/api.w.org\/{rel}","templated":true}]}}